{"id":959,"date":"2020-01-14T13:48:26","date_gmt":"2020-01-14T12:48:26","guid":{"rendered":"https:\/\/www.emarketingparis.com\/speakers"},"modified":"2022-03-17T19:45:16","modified_gmt":"2022-03-17T18:45:16","slug":"speakers","status":"publish","type":"page","link":"https:\/\/www.all4customer-paris.com\/en\/speakers","title":{"rendered":"Speakers"},"content":{"rendered":"<div class=\"wpb-content-wrapper\"><p>[vc_row][vc_column]\n\t\t\t<!-- START Banni\u00e8re pages REVOLUTION SLIDER 6.6.7 --><p class=\"rs-p-wp-fix\"><\/p>\n\t\t\t<rs-module-wrap id=\"rev_slider_40_1_wrapper\" data-source=\"post\" style=\"visibility:hidden;background:#4f4f4f;padding:0;margin:0px auto;margin-top:0;margin-bottom:0;\">\n\t\t\t\t<rs-module id=\"rev_slider_40_1\" style=\"\" data-version=\"6.6.7\">\n\t\t\t\t\t<rs-slides style=\"overflow: hidden; position: absolute;\">\n\t\t\t\t\t\t<rs-slide style=\"position: absolute;\" data-key=\"rs-959\" data-title=\"Speakers\" data-in=\"o:0;\" data-out=\"a:false;\">\n\t\t\t\t\t\t\t<img decoding=\"async\" src=\"\/\/www.all4customer-paris.com\/wp-content\/plugins\/revslider\/public\/assets\/assets\/dummy.png\" alt=\"\" title=\"A4CP-bandeau-rubrique-1920&#215;300\" width=\"1920\" height=\"300\" class=\"rev-slidebg tp-rs-img rs-lazyload\" data-lazyload=\"\/\/weyoumedia.blob.core.windows.net\/all4customer\/sites\/26\/2025\/10\/A4CP-bandeau-rubrique-1920x300-1.jpg\" data-bg=\"p:45% 50%;\" data-no-retina>\n<!--\n\t\t\t\t\t\t\t--><rs-layer\n\t\t\t\t\t\t\t\tid=\"slider-40-slide-959-layer-1\" \n\t\t\t\t\t\t\t\tdata-type=\"text\"\n\t\t\t\t\t\t\t\tdata-xy=\"x:l,l,l,c;xo:43px,20px,10px,-29px;y:m;yo:-3px,-30px,-30px,4px;\"\n\t\t\t\t\t\t\t\tdata-text=\"w:normal;s:52,40,40,40;l:40;fw:500;a:center;\"\n\t\t\t\t\t\t\t\tdata-dim=\"w:573px,500px,400px,400px;h:auto,auto,auto,47px;\"\n\t\t\t\t\t\t\t\tdata-frame_999=\"o:0;st:w;\"\n\t\t\t\t\t\t\t\tstyle=\"z-index:8;font-family:'Poppins';text-transform:uppercase;\"\n\t\t\t\t\t\t\t><h1>Speakers<\/h1> \n\t\t\t\t\t\t\t<\/rs-layer><!--\n-->\t\t\t\t\t\t<\/rs-slide>\n\t\t\t\t\t<\/rs-slides>\n\t\t\t\t\t<rs-static-layers><!--\n\t\t\t\t\t--><\/rs-static-layers>\n\t\t\t\t<\/rs-module>\n\t\t\t\t<script>\n\t\t\t\t\tsetREVStartSize({c: 'rev_slider_40_1',rl:[1240,1024,778,480],el:[300,200,200,280],gw:[1650,1024,778,480],gh:[300,200,200,280],type:'hero',justify:'',layout:'fullwidth',mh:\"450\"});if (window.RS_MODULES!==undefined && window.RS_MODULES.modules!==undefined && window.RS_MODULES.modules[\"revslider401\"]!==undefined) {window.RS_MODULES.modules[\"revslider401\"].once = false;window.revapi40 = undefined;if (window.RS_MODULES.checkMinimal!==undefined) window.RS_MODULES.checkMinimal()}\n\t\t\t\t<\/script>\n\t\t\t<\/rs-module-wrap>\n\t\t\t<!-- END REVOLUTION SLIDER -->\n[\/vc_column][\/vc_row][vc_section el_id=&#8221;31mars&#8221;][vc_row][vc_column]<div id=\"wyvc-section-title-5806\" class=\"wyvc-section-title wyvc-shortcode wyvc-section-title-1 \">\r\n\t<div class=\"wyvc-st-inner\">\r\n\t\t\t\t\t<div class=\"wyvc-st-title\">\r\n\t\t\t\t<p>March 29th 2022<\/p>\n\t\t\t<\/div>\r\n\t\t\t\t\t<\/div>\r\n<\/div>\r\n[\/vc_column][\/vc_row][vc_row][vc_column][vc_tta_tour][vc_tta_section title=&#8221;10H45-11H45&#8243; tab_id=&#8221;1645547076739-529f4579-94ca&#8221;][vc_column_text]<\/p>\n<h3 class=\"conference-title\" style=\"text-align: center\"><strong>Metavers, NFT, VR, \u00e9conomie circulaire\u2026 incontournables en 2022<\/strong><\/h3>\n<p>[\/vc_column_text][vc_row_inner][vc_column_inner width=&#8221;1\/2&#8243;][vc_single_image image=&#8221;3590&#8243; img_size=&#8221;thumbnail&#8221; alignment=&#8221;center&#8221;][vc_column_text]<strong>Hubert BLANQUEFORT D&#8217;ANGLARDS \u2013 Directeur electric days et administrateur club des annonceurs, EDF ET LE CLUB DES ANNONCEURS\u00a0<\/strong><\/p>\n<p><span data-sheets-value=\"{&quot;1&quot;:2,&quot;2&quot;:&quot;En 2013 Laurence Bordry rejoint la marque Accor en tant que Directrice Marketing des H\u00f4tels ibis puis suivi par le poste de Directrice Communication et Digital des marques Accor France, puis Directrice des Marques a\u0300 l\u2019international. \\nAujourd\u2019hui VP Innovation Lab au Marketing Global du Groupe ACCOR, Laurence contribue \u00e0 cr\u00e9er de nouveaux concepts et \u00e0 acc\u00e9l\u00e9rer la transformation du Groupe. Elle est \u00e9galement Pr\u00e9sidente du Club des Annonceurs. \\nAuparavant, Laurence a \u00e9t\u00e9 \u00e0 la t\u00eate de diff\u00e9rentes directions marketing chez Iliad\/Free; dans le Groupe Partouche ; aux Galeries Lafayette.\\n&quot;}\" data-sheets-userformat=\"{&quot;2&quot;:5119,&quot;3&quot;:{&quot;1&quot;:0},&quot;4&quot;:{&quot;1&quot;:2,&quot;2&quot;:15724527},&quot;5&quot;:{&quot;1&quot;:[{&quot;1&quot;:2,&quot;2&quot;:0,&quot;5&quot;:{&quot;1&quot;:2,&quot;2&quot;:0}},{&quot;1&quot;:0,&quot;2&quot;:0,&quot;3&quot;:3},{&quot;1&quot;:1,&quot;2&quot;:0,&quot;4&quot;:1}]},&quot;6&quot;:{&quot;1&quot;:[{&quot;1&quot;:2,&quot;2&quot;:0,&quot;5&quot;:{&quot;1&quot;:2,&quot;2&quot;:0}},{&quot;1&quot;:0,&quot;2&quot;:0,&quot;3&quot;:3},{&quot;1&quot;:1,&quot;2&quot;:0,&quot;4&quot;:1}]},&quot;7&quot;:{&quot;1&quot;:[{&quot;1&quot;:2,&quot;2&quot;:0,&quot;5&quot;:{&quot;1&quot;:2,&quot;2&quot;:0}},{&quot;1&quot;:0,&quot;2&quot;:0,&quot;3&quot;:3},{&quot;1&quot;:1,&quot;2&quot;:0,&quot;4&quot;:1}]},&quot;8&quot;:{&quot;1&quot;:[{&quot;1&quot;:2,&quot;2&quot;:0,&quot;5&quot;:{&quot;1&quot;:2,&quot;2&quot;:0}},{&quot;1&quot;:0,&quot;2&quot;:0,&quot;3&quot;:3},{&quot;1&quot;:1,&quot;2&quot;:0,&quot;4&quot;:1}]},&quot;9&quot;:1,&quot;10&quot;:1,&quot;11&quot;:4,&quot;12&quot;:0,&quot;15&quot;:&quot;Arial&quot;}\">Hubert Blanquefort pilote les Electric Days #4, \u00e9v\u00e8nement visant \u00e0 promouvoir l\u2019innovation du groupe, au service de la lutte contre le changement climatique. Il est administrateur du Club des Annonceurs, dont il a \u00e9t\u00e9 le Pr\u00e9sident de 2015 \u00e0 2019. Auparavant, Hubert Blanquefort d\u2019Anglards a fait une grande partie de sa carri\u00e8re dans les groupes de communication et de publicit\u00e9, dont une grande partie chez DDB. Il rejoint le groupe EDF en 2008 comme Directeur-adjoint de la Marque et Image, puis comme Directeur Communication Digitale et Innovation. <\/span>[\/vc_column_text][\/vc_column_inner][vc_column_inner width=&#8221;1\/2&#8243;][vc_single_image image=&#8221;3450&#8243; img_size=&#8221;thumbnail&#8221; alignment=&#8221;center&#8221;][vc_column_text]<strong>Rachel MAROUANI, Pr\u00e9sidente du Conseil d&#8217;administration de AFFLELOU et fondatrice de Talisman by&#8230;<\/strong><\/p>\n<p><span data-sheets-value=\"{&quot;1&quot;:2,&quot;2&quot;:&quot;En 2013 Laurence Bordry rejoint la marque Accor en tant que Directrice Marketing des H\u00f4tels ibis puis suivi par le poste de Directrice Communication et Digital des marques Accor France, puis Directrice des Marques a\u0300 l\u2019international. \\nAujourd\u2019hui VP Innovation Lab au Marketing Global du Groupe ACCOR, Laurence contribue \u00e0 cr\u00e9er de nouveaux concepts et \u00e0 acc\u00e9l\u00e9rer la transformation du Groupe. Elle est \u00e9galement Pr\u00e9sidente du Club des Annonceurs. \\nAuparavant, Laurence a \u00e9t\u00e9 \u00e0 la t\u00eate de diff\u00e9rentes directions marketing chez Iliad\/Free; dans le Groupe Partouche ; aux Galeries Lafayette.\\n&quot;}\" data-sheets-userformat=\"{&quot;2&quot;:5119,&quot;3&quot;:{&quot;1&quot;:0},&quot;4&quot;:{&quot;1&quot;:2,&quot;2&quot;:15724527},&quot;5&quot;:{&quot;1&quot;:[{&quot;1&quot;:2,&quot;2&quot;:0,&quot;5&quot;:{&quot;1&quot;:2,&quot;2&quot;:0}},{&quot;1&quot;:0,&quot;2&quot;:0,&quot;3&quot;:3},{&quot;1&quot;:1,&quot;2&quot;:0,&quot;4&quot;:1}]},&quot;6&quot;:{&quot;1&quot;:[{&quot;1&quot;:2,&quot;2&quot;:0,&quot;5&quot;:{&quot;1&quot;:2,&quot;2&quot;:0}},{&quot;1&quot;:0,&quot;2&quot;:0,&quot;3&quot;:3},{&quot;1&quot;:1,&quot;2&quot;:0,&quot;4&quot;:1}]},&quot;7&quot;:{&quot;1&quot;:[{&quot;1&quot;:2,&quot;2&quot;:0,&quot;5&quot;:{&quot;1&quot;:2,&quot;2&quot;:0}},{&quot;1&quot;:0,&quot;2&quot;:0,&quot;3&quot;:3},{&quot;1&quot;:1,&quot;2&quot;:0,&quot;4&quot;:1}]},&quot;8&quot;:{&quot;1&quot;:[{&quot;1&quot;:2,&quot;2&quot;:0,&quot;5&quot;:{&quot;1&quot;:2,&quot;2&quot;:0}},{&quot;1&quot;:0,&quot;2&quot;:0,&quot;3&quot;:3},{&quot;1&quot;:1,&quot;2&quot;:0,&quot;4&quot;:1}]},&quot;9&quot;:1,&quot;10&quot;:1,&quot;11&quot;:4,&quot;12&quot;:0,&quot;15&quot;:&quot;Arial&quot;}\">Form\u00e9e au CELSA et \u00e0 l\u2019ESSEC, Rachel Marouani a travaill\u00e9 chez Alain Afflelou, Accor, puis chez LVMH o\u00f9 elle a \u00e9t\u00e9 Pr\u00e9sidente de FRED Joaillier et de Make up Forever. Aujourd\u2019hui, elle si\u00e8ge au conseil d\u2019administration du groupe Pierre Fabre et de start-ups sp\u00e9cialis\u00e9es dans l\u2019intelligence artificielle et le digital. Elle est pr\u00e9sidente non-ex\u00e9cutive du groupe Afflelou. Son travail pr\u00e9curseur est reconnu par ses pairs et a \u00e9t\u00e9 r\u00e9compens\u00e9 par le troph\u00e9e de la Personnalit\u00e9 e-commerce 2009. Elle est \u00e9galement d\u00e9cor\u00e9e Chevalier dans l\u2019Ordre National du M\u00e9rite, au titre du commerce, en 2012. Rachel Marouani a souhait\u00e9 passer de l\u2019intrapreneuriat \u00e0 l\u2019entreprenariat et a choisi de mettre ses convictions au service de sa propre aventure : TALISMAN By. <\/span>[\/vc_column_text][\/vc_column_inner][\/vc_row_inner][vc_row_inner][vc_column_inner width=&#8221;1\/2&#8243;][vc_single_image image=&#8221;3420&#8243; img_size=&#8221;thumbnail&#8221; alignment=&#8221;center&#8221;][vc_column_text]<strong>Bertrand WOLFF, Expert Metavers et r\u00e9alit\u00e9 virtuelle &#8211; ANTILOGY &#8211; LE PAVILLON<\/strong><\/p>\n<p><span data-sheets-value=\"{&quot;1&quot;:2,&quot;2&quot;:&quot;En 2013 Laurence Bordry rejoint la marque Accor en tant que Directrice Marketing des H\u00f4tels ibis puis suivi par le poste de Directrice Communication et Digital des marques Accor France, puis Directrice des Marques a\u0300 l\u2019international. \\nAujourd\u2019hui VP Innovation Lab au Marketing Global du Groupe ACCOR, Laurence contribue \u00e0 cr\u00e9er de nouveaux concepts et \u00e0 acc\u00e9l\u00e9rer la transformation du Groupe. Elle est \u00e9galement Pr\u00e9sidente du Club des Annonceurs. \\nAuparavant, Laurence a \u00e9t\u00e9 \u00e0 la t\u00eate de diff\u00e9rentes directions marketing chez Iliad\/Free; dans le Groupe Partouche ; aux Galeries Lafayette.\\n&quot;}\" data-sheets-userformat=\"{&quot;2&quot;:5119,&quot;3&quot;:{&quot;1&quot;:0},&quot;4&quot;:{&quot;1&quot;:2,&quot;2&quot;:15724527},&quot;5&quot;:{&quot;1&quot;:[{&quot;1&quot;:2,&quot;2&quot;:0,&quot;5&quot;:{&quot;1&quot;:2,&quot;2&quot;:0}},{&quot;1&quot;:0,&quot;2&quot;:0,&quot;3&quot;:3},{&quot;1&quot;:1,&quot;2&quot;:0,&quot;4&quot;:1}]},&quot;6&quot;:{&quot;1&quot;:[{&quot;1&quot;:2,&quot;2&quot;:0,&quot;5&quot;:{&quot;1&quot;:2,&quot;2&quot;:0}},{&quot;1&quot;:0,&quot;2&quot;:0,&quot;3&quot;:3},{&quot;1&quot;:1,&quot;2&quot;:0,&quot;4&quot;:1}]},&quot;7&quot;:{&quot;1&quot;:[{&quot;1&quot;:2,&quot;2&quot;:0,&quot;5&quot;:{&quot;1&quot;:2,&quot;2&quot;:0}},{&quot;1&quot;:0,&quot;2&quot;:0,&quot;3&quot;:3},{&quot;1&quot;:1,&quot;2&quot;:0,&quot;4&quot;:1}]},&quot;8&quot;:{&quot;1&quot;:[{&quot;1&quot;:2,&quot;2&quot;:0,&quot;5&quot;:{&quot;1&quot;:2,&quot;2&quot;:0}},{&quot;1&quot;:0,&quot;2&quot;:0,&quot;3&quot;:3},{&quot;1&quot;:1,&quot;2&quot;:0,&quot;4&quot;:1}]},&quot;9&quot;:1,&quot;10&quot;:1,&quot;11&quot;:4,&quot;12&quot;:0,&quot;15&quot;:&quot;Arial&quot;}\">Bertrand WOLFF a co-fond\u00e9 Antilogy, une des premi\u00e8res startups \u00e0 int\u00e9grer Station F, s\u00e9lectionn\u00e9e dans le programme Ubisoft, dont la mission est d\u2019aider \u00e0 tirer le meilleur parti de la XR (XR = r\u00e9alit\u00e9 virtuelle, mixte ou augment\u00e9e) et du m\u00e9tavers.<br \/>\nPuis il a cr\u00e9\u00e9 un showroom, lab, lieu \u00e9v\u00e9nementiel et de formation : le Pavillon qui permet aux entreprises d\u2019explorer le potentiel de la R\u00e9alit\u00e9 Virtuelle, de se projeter dans ses usages, et de se connecter \u00e0 l&#8217;\u00e9cosyst\u00e8me.<br \/>\nBertrand Wolff est le co-auteur de \u201cFormer avec la r\u00e9alit\u00e9 virtuelle\u201d, paru chez Dunod.<br \/>\nEn 4 ans Bertrand Wolff a donn\u00e9 pr\u00e8s de 400 conf\u00e9rences et webinaires sur la XR et le m\u00e9tavers.<br \/>\n<\/span>[\/vc_column_text][\/vc_column_inner][vc_column_inner width=&#8221;1\/2&#8243;][vc_single_image image=&#8221;3422&#8243; img_size=&#8221;thumbnail&#8221; alignment=&#8221;center&#8221;][vc_column_text]<strong>Frank DESVIGNES, Global Head of Open Innovation &#8211; AXA Partner, True Global Ventures<\/strong><\/p>\n<p>Frank Desvignes explore les innovations et investit dans les solutions et statups de la Fintech, Insurtech, Healthtech qui sont des\u00a0 moteurs de transformation de la soci\u00e9t\u00e9 et repr\u00e9sente l&#8217;avenir des services financiers. Il d\u00e9veloppe des solutions innovantes et de nouveaux mod\u00e8les commerciaux \u00e0 travers le monde avec un regard sur l&#8217;Asie et les USA notamment dans le metavers, la Blockchain, la Crypto, le Web3&#8230;[\/vc_column_text][\/vc_column_inner][\/vc_row_inner][vc_row_inner][vc_column_inner width=&#8221;1\/2&#8243;][vc_single_image image=&#8221;3561&#8243; img_size=&#8221;thumbnail&#8221; alignment=&#8221;center&#8221;][vc_column_text]<strong>Henry MEDEAU, Startuper, Fondateur \u2013 Maochi Games<\/strong><\/p>\n<p>Fondateur de Maohi Games, Henry Medeau d\u00e9veloppe un m\u00e9tavers \u00e9codurable. La blockchain, au c\u0153ur de son \u00e9cosyst\u00e8me de jeux vid\u00e9o, offre une exp\u00e9rience de progression d\u00e9centralis\u00e9e innovante et permet d\u2019associer chaque ressource virtuelle cr\u00e9\u00e9e au financement de ressources r\u00e9elles. Son objectif : r\u00e9aliser la plus grande odyss\u00e9e pour \u00ab\u00a0sauver notre futur\u00a0\u00bb en faisant coop\u00e9rer les H\u00e9ros d\u2019une communaut\u00e9 de joueurs, non-joueurs, d\u2019entreprises. Il integre les marques au coeur de cet environnement virtuel.[\/vc_column_text][\/vc_column_inner][vc_column_inner width=&#8221;1\/2&#8243;][\/vc_column_inner][\/vc_row_inner][\/vc_tta_section][vc_tta_section title=&#8221;15h15 &#8211; 16H15&#8243; tab_id=&#8221;1645547432929-2e280b70-9093&#8243;][vc_column_text]<\/p>\n<h3 class=\"conference-title\" style=\"text-align: center\"><strong>4Good, quelles sont les clefs de la r\u00e9ussite ?<\/strong><\/h3>\n<p>[\/vc_column_text][vc_row_inner][vc_column_inner width=&#8221;1\/2&#8243;][vc_single_image image=&#8221;3426&#8243; img_size=&#8221;thumbnail&#8221; alignment=&#8221;center&#8221;][vc_column_text]<strong>Laure KEPES, Directrice de la collecte de fonds \u2013 CAF\u00c9S JOYEUX<\/strong><\/p>\n<p><span data-sheets-value=\"{&quot;1&quot;:2,&quot;2&quot;:&quot;En 2013 Laurence Bordry rejoint la marque Accor en tant que Directrice Marketing des H\u00f4tels ibis puis suivi par le poste de Directrice Communication et Digital des marques Accor France, puis Directrice des Marques a\u0300 l\u2019international. \\nAujourd\u2019hui VP Innovation Lab au Marketing Global du Groupe ACCOR, Laurence contribue \u00e0 cr\u00e9er de nouveaux concepts et \u00e0 acc\u00e9l\u00e9rer la transformation du Groupe. Elle est \u00e9galement Pr\u00e9sidente du Club des Annonceurs. \\nAuparavant, Laurence a \u00e9t\u00e9 \u00e0 la t\u00eate de diff\u00e9rentes directions marketing chez Iliad\/Free; dans le Groupe Partouche ; aux Galeries Lafayette.\\n&quot;}\" data-sheets-userformat=\"{&quot;2&quot;:5119,&quot;3&quot;:{&quot;1&quot;:0},&quot;4&quot;:{&quot;1&quot;:2,&quot;2&quot;:15724527},&quot;5&quot;:{&quot;1&quot;:[{&quot;1&quot;:2,&quot;2&quot;:0,&quot;5&quot;:{&quot;1&quot;:2,&quot;2&quot;:0}},{&quot;1&quot;:0,&quot;2&quot;:0,&quot;3&quot;:3},{&quot;1&quot;:1,&quot;2&quot;:0,&quot;4&quot;:1}]},&quot;6&quot;:{&quot;1&quot;:[{&quot;1&quot;:2,&quot;2&quot;:0,&quot;5&quot;:{&quot;1&quot;:2,&quot;2&quot;:0}},{&quot;1&quot;:0,&quot;2&quot;:0,&quot;3&quot;:3},{&quot;1&quot;:1,&quot;2&quot;:0,&quot;4&quot;:1}]},&quot;7&quot;:{&quot;1&quot;:[{&quot;1&quot;:2,&quot;2&quot;:0,&quot;5&quot;:{&quot;1&quot;:2,&quot;2&quot;:0}},{&quot;1&quot;:0,&quot;2&quot;:0,&quot;3&quot;:3},{&quot;1&quot;:1,&quot;2&quot;:0,&quot;4&quot;:1}]},&quot;8&quot;:{&quot;1&quot;:[{&quot;1&quot;:2,&quot;2&quot;:0,&quot;5&quot;:{&quot;1&quot;:2,&quot;2&quot;:0}},{&quot;1&quot;:0,&quot;2&quot;:0,&quot;3&quot;:3},{&quot;1&quot;:1,&quot;2&quot;:0,&quot;4&quot;:1}]},&quot;9&quot;:1,&quot;10&quot;:1,&quot;11&quot;:4,&quot;12&quot;:0,&quot;15&quot;:&quot;Arial&quot;}\">Laure Kepes croit dans la vertu d&#8217;une communication constructive entre les acteurs, individuels et collectifs, pour penser un avenir plus solidaire. C&#8217;est pourquoi, elle s&#8217;est lanc\u00e9e un nouveau d\u00e9fi : travailler pour des organisations d&#8217;int\u00e9r\u00eat g\u00e9n\u00e9ral. Depuis plus d&#8217;un an, elle dirige la collecte de fonds de Caf\u00e9 Joyeux, premi\u00e8re famille de caf\u00e9s-restaurants qui emploie et forme des personnes en situation de handicap mental et cognitif. Port\u00e9e par des valeurs de partage et de libert\u00e9, attach\u00e9e \u00e0 faire bouger les lignes, elle d\u00e9fend \u00e0 travers Caf\u00e9 Joyeux sa vision d&#8217;un monde o\u00f9 la diff\u00e9rence a toute sa place et o\u00f9 la croissance peut se conjuguer avec la g\u00e9n\u00e9rosit\u00e9. Laure est diplom\u00e9e du Certificat Fran\u00e7ais de Fundraising d\u00e9livr\u00e9 par l&#8217;ESSEC avec l&#8217;AFF (Association Fran\u00e7aise des Fundraisers).<\/span>[\/vc_column_text][\/vc_column_inner][vc_column_inner width=&#8221;1\/2&#8243;][vc_single_image image=&#8221;3424&#8243; img_size=&#8221;thumbnail&#8221; alignment=&#8221;center&#8221;][vc_column_text]<strong>Arnaud COLLERY, Startuppeur et Speaker international \u2013 HUMANAVA<\/strong><\/p>\n<p>Arnaud Collery a cr\u00e9\u00e9 une start up ax\u00e9 sur l&#8217;humain humanava en 2021 \u00e0 Bordeaux. Speaker international, Il s\u2019est exprim\u00e9 sur des conf\u00e9rences partout dans le monde dont \u00e0 Harvard &#8211; Boston, World Happiness Summit &#8211; Miami, Happiness 360 &#8211; Aruba, BMW &#8211; Tokyo, Google \u2013 New York, United Nations &#8211; Geneve, Unicef, Finnovista a M\u00e9xico\/Bogota et 3 Tedx. Il a publi\u00e9 Mister Happiness chez Larousse en 2018 et est r\u00e9guli\u00e8rement invit\u00e9 sur BFM Business et B Smart TV.[\/vc_column_text][\/vc_column_inner][\/vc_row_inner][vc_row_inner][vc_column_inner width=&#8221;1\/2&#8243;][vc_single_image image=&#8221;3425&#8243; img_size=&#8221;thumbnail&#8221; alignment=&#8221;center&#8221;][vc_column_text]<strong>Jean-Paul BOUTELOUP, Directeur Marketing \u2013 PWC FRANCE ET MAGHREB<\/strong><\/p>\n<p><span data-sheets-value=\"{&quot;1&quot;:2,&quot;2&quot;:&quot;En 2013 Laurence Bordry rejoint la marque Accor en tant que Directrice Marketing des H\u00f4tels ibis puis suivi par le poste de Directrice Communication et Digital des marques Accor France, puis Directrice des Marques a\u0300 l\u2019international. \\nAujourd\u2019hui VP Innovation Lab au Marketing Global du Groupe ACCOR, Laurence contribue \u00e0 cr\u00e9er de nouveaux concepts et \u00e0 acc\u00e9l\u00e9rer la transformation du Groupe. Elle est \u00e9galement Pr\u00e9sidente du Club des Annonceurs. \\nAuparavant, Laurence a \u00e9t\u00e9 \u00e0 la t\u00eate de diff\u00e9rentes directions marketing chez Iliad\/Free; dans le Groupe Partouche ; aux Galeries Lafayette.\\n&quot;}\" data-sheets-userformat=\"{&quot;2&quot;:5119,&quot;3&quot;:{&quot;1&quot;:0},&quot;4&quot;:{&quot;1&quot;:2,&quot;2&quot;:15724527},&quot;5&quot;:{&quot;1&quot;:[{&quot;1&quot;:2,&quot;2&quot;:0,&quot;5&quot;:{&quot;1&quot;:2,&quot;2&quot;:0}},{&quot;1&quot;:0,&quot;2&quot;:0,&quot;3&quot;:3},{&quot;1&quot;:1,&quot;2&quot;:0,&quot;4&quot;:1}]},&quot;6&quot;:{&quot;1&quot;:[{&quot;1&quot;:2,&quot;2&quot;:0,&quot;5&quot;:{&quot;1&quot;:2,&quot;2&quot;:0}},{&quot;1&quot;:0,&quot;2&quot;:0,&quot;3&quot;:3},{&quot;1&quot;:1,&quot;2&quot;:0,&quot;4&quot;:1}]},&quot;7&quot;:{&quot;1&quot;:[{&quot;1&quot;:2,&quot;2&quot;:0,&quot;5&quot;:{&quot;1&quot;:2,&quot;2&quot;:0}},{&quot;1&quot;:0,&quot;2&quot;:0,&quot;3&quot;:3},{&quot;1&quot;:1,&quot;2&quot;:0,&quot;4&quot;:1}]},&quot;8&quot;:{&quot;1&quot;:[{&quot;1&quot;:2,&quot;2&quot;:0,&quot;5&quot;:{&quot;1&quot;:2,&quot;2&quot;:0}},{&quot;1&quot;:0,&quot;2&quot;:0,&quot;3&quot;:3},{&quot;1&quot;:1,&quot;2&quot;:0,&quot;4&quot;:1}]},&quot;9&quot;:1,&quot;10&quot;:1,&quot;11&quot;:4,&quot;12&quot;:0,&quot;15&quot;:&quot;Arial&quot;}\">Jean-Paul Bouteloup est depuis 2019 directeur marketing pour l\u2019ensemble de PwC en France et au Maghreb. Il a int\u00e9gr\u00e9 PwC en 2016 en tant que responsable des projets d\u2019innovation marketing. Auparavant, il a occup\u00e9 plusieurs postes dans le groupe Adecco France pour accompagner la transformation des m\u00e9tiers du recrutement : responsable de l\u2019innovation digitale pour une exp\u00e9rience client et candidat revisit\u00e9e, l\u2019ensemble du marketing B2B pour la marque Adecco. Jean Paul est un acteur du changement pour pratiquer un marketing responsable de fa\u00e7on concr\u00e8te et r\u00e9elle. <\/span>[\/vc_column_text][\/vc_column_inner][vc_column_inner width=&#8221;1\/2&#8243;][vc_single_image image=&#8221;3471&#8243; img_size=&#8221;thumbnail&#8221; alignment=&#8221;center&#8221;][vc_column_text]<strong>Stephane DURET, Fondateur \u2013 HISTOIRES FRAN\u00c7AISES<\/strong><\/p>\n<p>St\u00e9phane DURET a souhait\u00e9 mettre son exp\u00e9rience acquise dans l\u2019univers du luxe (groupe LVMH, Dior, Vuitton, Loewe,\u2026), sa fine connaissance des savoir-faire et son expertise en marketing et communication digitale au service de l\u2019artisanat fran\u00e7ais. Histoires Fran\u00e7aises est n\u00e9 de la volont\u00e9 de donner plus de sens, mettre en avant des savoir-faire (m\u00e9connus ou oubli\u00e9s) 100% fran\u00e7ais et \u00e9coresponsable dans les domaines de la d\u00e9coration et du \u201clifestyle\u201d; revaloriser le travail manuel; prot\u00e9ger l\u2019emploi local.[\/vc_column_text][\/vc_column_inner][\/vc_row_inner][vc_row_inner][vc_column_inner width=&#8221;1\/2&#8243;][vc_single_image image=&#8221;3628&#8243; img_size=&#8221;thumbnail&#8221; alignment=&#8221;center&#8221;][vc_column_text]<strong>Emilie THIRY, Directrice The Good \u2013 INFLUENCIA\u00a0<\/strong><\/p>\n<p>Apr\u00e8s un parcours dans le conseil en communication et en strat\u00e9gie de marque, puis dans le conseil politique, Emilie rejoint INfluencia en juillet 2020 pour cr\u00e9er INfluencia Consulting, cabinet de tendances et prospective d\u2019INfluencia. Elle dirige \u00e9galement The Good, la plateforme d\u00e9di\u00e9e \u00e0 la transformation \u00e9cologique, sociale et solidaire des entreprises et des marques. Elle anime depuis 5 ans un s\u00e9minaire sur le monde de la communication en Master 2 Conseil \u00e9ditorial \u00e0 Sorbonne Universit\u00e9. Emilie est dipl\u00f4m\u00e9e de l\u2019IEP de Strasbourg et ancienne \u00e9l\u00e8ve du CELSA.[\/vc_column_text][\/vc_column_inner][vc_column_inner width=&#8221;1\/2&#8243;][\/vc_column_inner][\/vc_row_inner][\/vc_tta_section][\/vc_tta_tour][\/vc_column][\/vc_row][\/vc_section][vc_section][vc_row][vc_column]<div id=\"wyvc-section-title-1059\" class=\"wyvc-section-title wyvc-shortcode wyvc-section-title-1 \">\r\n\t<div class=\"wyvc-st-inner\">\r\n\t\t\t\t\t<div class=\"wyvc-st-title\">\r\n\t\t\t\t<p>March 30th 2022<\/p>\n\t\t\t<\/div>\r\n\t\t\t\t\t<\/div>\r\n<\/div>\r\n[\/vc_column][\/vc_row][vc_row][vc_column][vc_tta_tour][vc_tta_section title=&#8221;10H45-11H45&#8243; tab_id=&#8221;1645547820972-88a10d73-7d06&#8243;][vc_column_text]<\/p>\n<h3 class=\"conference-title\" style=\"text-align: center\"><strong>Duo gagnant : Social media et brand content<\/strong><\/h3>\n<p>[\/vc_column_text][vc_row_inner][vc_column_inner width=&#8221;1\/2&#8243;][vc_single_image image=&#8221;3430&#8243; img_size=&#8221;thumbnail&#8221; alignment=&#8221;center&#8221;][vc_column_text]<strong>Paula SAUCEDO, Coordination Social Media &amp; Brand Content manager \u2013 LVMH Hotel Management<\/strong><\/p>\n<p><span data-sheets-value=\"{&quot;1&quot;:2,&quot;2&quot;:&quot;En 2013 Laurence Bordry rejoint la marque Accor en tant que Directrice Marketing des H\u00f4tels ibis puis suivi par le poste de Directrice Communication et Digital des marques Accor France, puis Directrice des Marques a\u0300 l\u2019international. \\nAujourd\u2019hui VP Innovation Lab au Marketing Global du Groupe ACCOR, Laurence contribue \u00e0 cr\u00e9er de nouveaux concepts et \u00e0 acc\u00e9l\u00e9rer la transformation du Groupe. Elle est \u00e9galement Pr\u00e9sidente du Club des Annonceurs. \\nAuparavant, Laurence a \u00e9t\u00e9 \u00e0 la t\u00eate de diff\u00e9rentes directions marketing chez Iliad\/Free; dans le Groupe Partouche ; aux Galeries Lafayette.\\n&quot;}\" data-sheets-userformat=\"{&quot;2&quot;:5119,&quot;3&quot;:{&quot;1&quot;:0},&quot;4&quot;:{&quot;1&quot;:2,&quot;2&quot;:15724527},&quot;5&quot;:{&quot;1&quot;:[{&quot;1&quot;:2,&quot;2&quot;:0,&quot;5&quot;:{&quot;1&quot;:2,&quot;2&quot;:0}},{&quot;1&quot;:0,&quot;2&quot;:0,&quot;3&quot;:3},{&quot;1&quot;:1,&quot;2&quot;:0,&quot;4&quot;:1}]},&quot;6&quot;:{&quot;1&quot;:[{&quot;1&quot;:2,&quot;2&quot;:0,&quot;5&quot;:{&quot;1&quot;:2,&quot;2&quot;:0}},{&quot;1&quot;:0,&quot;2&quot;:0,&quot;3&quot;:3},{&quot;1&quot;:1,&quot;2&quot;:0,&quot;4&quot;:1}]},&quot;7&quot;:{&quot;1&quot;:[{&quot;1&quot;:2,&quot;2&quot;:0,&quot;5&quot;:{&quot;1&quot;:2,&quot;2&quot;:0}},{&quot;1&quot;:0,&quot;2&quot;:0,&quot;3&quot;:3},{&quot;1&quot;:1,&quot;2&quot;:0,&quot;4&quot;:1}]},&quot;8&quot;:{&quot;1&quot;:[{&quot;1&quot;:2,&quot;2&quot;:0,&quot;5&quot;:{&quot;1&quot;:2,&quot;2&quot;:0}},{&quot;1&quot;:0,&quot;2&quot;:0,&quot;3&quot;:3},{&quot;1&quot;:1,&quot;2&quot;:0,&quot;4&quot;:1}]},&quot;9&quot;:1,&quot;10&quot;:1,&quot;11&quot;:4,&quot;12&quot;:0,&quot;15&quot;:&quot;Arial&quot;}\">Paula Saucedo a \u00e9t\u00e9 nomm\u00e9e en mai 2021 Responsable coordination Social Media &amp; Brand Content chez LVMH Hotel Management, l\u2019op\u00e9rateur h\u00f4telier des Maisons Cheval Blanc, d\u00e9tenu par LVMH. Elle \u00e9tait auparavant cheffe de produit international Kiotis &amp; Flormar au sein du Groupe Rocher depuis 2016. Dipl\u00f4m\u00e9e d\u2019un master en g\u00e9opolitique et relations internationales \u00e0 Sciences Po de Rouen et d\u2019un master en communication d\u2019entreprise de la NEOMA Business School de Rouen, elle travaille pendant ses \u00e9tudes pour le groupe de luxe LVMH en tant que cheffe de projet \u00e9v\u00e9nementiel et partenariats pour les Maisons Mo\u00ebt &amp; Chandon et Dom P\u00e9rignon.Paula fait partie du r\u00e9seau International au F\u00e9minin #IntFem<\/span>[\/vc_column_text][\/vc_column_inner][vc_column_inner width=&#8221;1\/2&#8243;][vc_single_image image=&#8221;3428&#8243; img_size=&#8221;thumbnail&#8221; alignment=&#8221;center&#8221;][vc_column_text]<strong>Claudia FRAGOMENI, SEO &amp; Brand Content \u2013 HELLO ASSO<\/strong><\/p>\n<p>Claudia occupe le poste de SEO &amp; Content Manager au service de HelloAsso, blog aux 3 millions de vues, qui s&#8217;est donn\u00e9 la mission de digitaliser les 1 600 000 associations de France. Claudia a d\u00e9but\u00e9 sa carri\u00e8re en Angleterre puis au Canada dans des agences de communication \u00e9v\u00e9nementielle. Un retour en France et, plus particuli\u00e8rement \u00e0 Paris, l&#8217;a amen\u00e9 \u00e0 la direction de la communication au sein de Bpifrance, la banque des entrepreneurs. Apr\u00e8s avoir aid\u00e9 les entrepreneurs \u00e0 y croire et se lancer, elle a op\u00e9r\u00e9 un virage dans le digital en tant que SEO expert.[\/vc_column_text][\/vc_column_inner][\/vc_row_inner][vc_row_inner][vc_column_inner width=&#8221;1\/2&#8243;][vc_single_image image=&#8221;3509&#8243; img_size=&#8221;thumbnail&#8221; alignment=&#8221;center&#8221;][vc_column_text]<strong>Tatiana DUPOND, Head of Luxury \u2013 LINKEDIN<\/strong><\/p>\n<p><span data-sheets-value=\"{&quot;1&quot;:2,&quot;2&quot;:&quot;En 2013 Laurence Bordry rejoint la marque Accor en tant que Directrice Marketing des H\u00f4tels ibis puis suivi par le poste de Directrice Communication et Digital des marques Accor France, puis Directrice des Marques a\u0300 l\u2019international. \\nAujourd\u2019hui VP Innovation Lab au Marketing Global du Groupe ACCOR, Laurence contribue \u00e0 cr\u00e9er de nouveaux concepts et \u00e0 acc\u00e9l\u00e9rer la transformation du Groupe. Elle est \u00e9galement Pr\u00e9sidente du Club des Annonceurs. \\nAuparavant, Laurence a \u00e9t\u00e9 \u00e0 la t\u00eate de diff\u00e9rentes directions marketing chez Iliad\/Free; dans le Groupe Partouche ; aux Galeries Lafayette.\\n&quot;}\" data-sheets-userformat=\"{&quot;2&quot;:5119,&quot;3&quot;:{&quot;1&quot;:0},&quot;4&quot;:{&quot;1&quot;:2,&quot;2&quot;:15724527},&quot;5&quot;:{&quot;1&quot;:[{&quot;1&quot;:2,&quot;2&quot;:0,&quot;5&quot;:{&quot;1&quot;:2,&quot;2&quot;:0}},{&quot;1&quot;:0,&quot;2&quot;:0,&quot;3&quot;:3},{&quot;1&quot;:1,&quot;2&quot;:0,&quot;4&quot;:1}]},&quot;6&quot;:{&quot;1&quot;:[{&quot;1&quot;:2,&quot;2&quot;:0,&quot;5&quot;:{&quot;1&quot;:2,&quot;2&quot;:0}},{&quot;1&quot;:0,&quot;2&quot;:0,&quot;3&quot;:3},{&quot;1&quot;:1,&quot;2&quot;:0,&quot;4&quot;:1}]},&quot;7&quot;:{&quot;1&quot;:[{&quot;1&quot;:2,&quot;2&quot;:0,&quot;5&quot;:{&quot;1&quot;:2,&quot;2&quot;:0}},{&quot;1&quot;:0,&quot;2&quot;:0,&quot;3&quot;:3},{&quot;1&quot;:1,&quot;2&quot;:0,&quot;4&quot;:1}]},&quot;8&quot;:{&quot;1&quot;:[{&quot;1&quot;:2,&quot;2&quot;:0,&quot;5&quot;:{&quot;1&quot;:2,&quot;2&quot;:0}},{&quot;1&quot;:0,&quot;2&quot;:0,&quot;3&quot;:3},{&quot;1&quot;:1,&quot;2&quot;:0,&quot;4&quot;:1}]},&quot;9&quot;:1,&quot;10&quot;:1,&quot;11&quot;:4,&quot;12&quot;:0,&quot;15&quot;:&quot;Arial&quot;}\">Tatiana Dupond a rejoint LinkedIn il y a 6 ans pour cr\u00e9er une nouvelle division de luxe qui informe les groupes de luxe mondiaux sur la connexion avec leur public dans son environnement unique, sophistiqu\u00e9 et sans danger pour la marque. Auparavant, elle a travaill\u00e9 pour le New York Times \u00e0 Paris et \u00e9tait en charge des comptes strat\u00e9giques des marques de luxe et les aidait \u00e0 d\u00e9velopper de nouvelles formes de contenu. Elle a v\u00e9cu et travaill\u00e9 sur 4 continents. Elle est titulaire d&#8217;une ma\u00eetrise de l&#8217;ESSCA. <\/span>[\/vc_column_text][\/vc_column_inner][vc_column_inner width=&#8221;1\/2&#8243;][vc_single_image image=&#8221;3429&#8243; img_size=&#8221;thumbnail&#8221; alignment=&#8221;center&#8221;][vc_column_text]<strong>Loic LAGARDE, Social media influenceur Photographe \u2013 Instagram @LOICLAGARDE<\/strong><\/p>\n<p>Ing\u00e9nieur en \u00e9lectronique, Lo\u00efc est photographie de voyages, influenceur sur les r\u00e9seaux sociaux Instagram \/ TikTok&#8230; Il est pr\u00e9curseur, et adopte les innovations en avance de phase. Il a d\u00e9velopp\u00e9 un savoir faire sur les nouveaux horizons que repr\u00e9sentent les NFT. Sa collaboration avec Airbnb en 2011 l&#8217;a amen\u00e9 \u00e0 photographier plusieurs milliers de propri\u00e9t\u00e9s \u00e0 travers le monde. Aujourd&#8217;hui, il est suivi par des communaut\u00e9s de plus de 400 000 abonn\u00e9s dont 180 000 sur Instagram.[\/vc_column_text][\/vc_column_inner][\/vc_row_inner][\/vc_tta_section][vc_tta_section title=&#8221;14h00 &#8211; 15H00&#8243; tab_id=&#8221;1645547821382-9a33d615-6fff&#8221;][vc_column_text]<\/p>\n<h3 class=\"conference-title\" style=\"text-align: center\"><strong>Cocktail 2022 : data, RGPD et no cookies<\/strong><\/h3>\n<p>[\/vc_column_text][vc_row_inner][vc_column_inner width=&#8221;1\/2&#8243;][vc_single_image image=&#8221;3434&#8243; img_size=&#8221;thumbnail&#8221; alignment=&#8221;center&#8221;][vc_column_text]<strong>Laurent EVAIN, Directeur marketing et digital nouvelles marques \u2013 IDKIDS : ABSORBA, CHIPIE, Z, LILI GAUFRETTE, CONFETTI &#8230;<\/strong><\/p>\n<p>Laurent Evain fait partie de la nouvelle g\u00e9n\u00e9ration de directeur marketing et digital. Agile, passant du grand groupe \u00e0 la Startup internationale ou agences conseils, il a exp\u00e9riment\u00e9 des environnements riches et vari\u00e9s dans lesquels son expertise dans la data, le CRM, le SEO, le E et Digital Commerce a \u00e9t\u00e9 reconnue. Originaire de la r\u00e9gion nord, berceau de la VAD, du digital, du retail, \u00a0il pilote des actions de marketing et strat\u00e9gie data. \u00a0Parmi ses exp\u00e9riences pass\u00e9es : Leroy Merlin, la Redoute, Xee\u2026\u00a0 En tant que Directeur Marketing et digital nouvelles marques de IDKIDS,\u00a0 il est convaincu que la Data s&#8217;impose comme un atout majeur pour accompagner la transformation.[\/vc_column_text][\/vc_column_inner][vc_column_inner width=&#8221;1\/2&#8243;][vc_single_image image=&#8221;3435&#8243; img_size=&#8221;thumbnail&#8221; alignment=&#8221;center&#8221;][vc_column_text]<strong>Nathalie VARENNE MEYER, Directrice business Unit \u2013 FRAN\u00c7OISE SAGET<\/strong><\/p>\n<p>Nathalie Varenne Meyer dirige depuis 2019 la SA Fran\u00e7oise Saguet, 220 employ\u00e9s et a permis de retrouver une croissance \u00e0 deux chiffres. Elle a une grande carri\u00e8re dans le marketing digital, le E-Commerce, la VAD au sein de groupes comme France Loisirs, Readers\u2019 Digest, Bayard Presse, Mondadori, Reworld Media, QVC France\u2026 Passionn\u00e9e par le d\u00e9frichage de nouveaux territoires, la transformation digitale de business existants. Elle est responsable \u00e9galement des projets RSE du groupe Rosa (Fran\u00e7oise Saget, Linvosges, Envie de Fraise). Elle est start-up advisor.[\/vc_column_text][\/vc_column_inner][\/vc_row_inner][vc_row_inner][vc_column_inner width=&#8221;1\/2&#8243;][vc_single_image image=&#8221;3433&#8243; img_size=&#8221;thumbnail&#8221; alignment=&#8221;center&#8221;][vc_column_text]<strong>Yohan WASMES BENQUE, Global Data Strategist \u2013 MICHELIN<\/strong><\/p>\n<p>Serial entrepreneur et multiculturel (fran\u00e7ais &amp; canadien), passionn\u00e9 et exp\u00e9riment\u00e9 dans le conseil en data et strat\u00e9gie digitale. Ancien directeur acad\u00e9mique Executive Customize Program et professeur \u00e0 HEC Paris et IESEG. Exp\u00e9rience pass\u00e9e en tant que Group Directeur Marketing d&#8217;Altares &#8211; Dun &amp; Bradstreet, leader mondial de l&#8217;information financi\u00e8re. Yohan rejoint Michelin en 2019 en tant que responsable de la strat\u00e9gie Data pour d\u00e9velopper des solutions de mobilit\u00e9 connect\u00e9e. Yohan est dipl\u00f4m\u00e9 d&#8217;HEC Paris et de l&#8217;universit\u00e9 McGill (Canada).[\/vc_column_text][\/vc_column_inner][vc_column_inner width=&#8221;1\/2&#8243;][vc_single_image image=&#8221;3532&#8243; img_size=&#8221;thumbnail&#8221; alignment=&#8221;center&#8221;][vc_column_text]<strong>Yan Claeyssen, Vice-Pr\u00e9sident de SPARKLING PARTNERS<\/strong><\/p>\n<p>Passionn\u00e9 par le digital et la data depuis plus de 30 ans, Yan Claeyssen a co-dirig\u00e9 l\u2019agence Data Driven ETO revendue au Groupe Publicis en 2013. Il a ensuite co-dirig\u00e9 Publicis ETO puis EPSILON FRANCE jusqu\u2019en janvier 2021. Il a rejoint le startup studio Sparkling Partners en f\u00e9vrier 2021 afin de participer \u00e0 la cr\u00e9ation et l\u2019animation de soci\u00e9t\u00e9s innovantes.<br \/>\nYan est \u00e9galement l\u2019auteur de plusieurs ouvrages sur le CRM et le Marketing Client dont \u00ab La marque face \u00e0 la r\u00e9volution client \u00bb chez KAWA et \u00ab Marketing Client Omnicanal \u00bb chez DUNOD. Intervenant \u00e0 l\u2019EDHEC, il est enfin co-fondateur du Turing Club qui rassemble les principaux acteurs du data marketing.[\/vc_column_text][\/vc_column_inner][\/vc_row_inner][\/vc_tta_section][\/vc_tta_tour][\/vc_column][\/vc_row][\/vc_section][vc_section][vc_row][vc_column]<div id=\"wyvc-section-title-8314\" class=\"wyvc-section-title wyvc-shortcode wyvc-section-title-1 \">\r\n\t<div class=\"wyvc-st-inner\">\r\n\t\t\t\t\t<div class=\"wyvc-st-title\">\r\n\t\t\t\t<p>March 31st 2022<\/p>\n\t\t\t<\/div>\r\n\t\t\t\t\t<\/div>\r\n<\/div>\r\n[\/vc_column][\/vc_row][vc_row][vc_column][vc_tta_tour][vc_tta_section title=&#8221;10H45-11H45&#8243; tab_id=&#8221;1645547920176-895aaffd-3fd8&#8243;][vc_column_text]<\/p>\n<h3 class=\"conference-title\" style=\"text-align: center\"><strong>Marques engag\u00e9es : strat\u00e9gie d&#8217;influence ou prise de conscience des marques<\/strong><\/h3>\n<p>[\/vc_column_text][vc_row_inner][vc_column_inner width=&#8221;1\/2&#8243;][vc_single_image image=&#8221;3510&#8243; img_size=&#8221;thumbnail&#8221; alignment=&#8221;center&#8221;][vc_column_text]<strong>Karine TISSERAND, Directrice G\u00e9n\u00e9rale \u2013 LE CLUB DES ANNONCEURS<\/strong><\/p>\n<p><span data-sheets-value=\"{&quot;1&quot;:2,&quot;2&quot;:&quot;En 2013 Laurence Bordry rejoint la marque Accor en tant que Directrice Marketing des H\u00f4tels ibis puis suivi par le poste de Directrice Communication et Digital des marques Accor France, puis Directrice des Marques a\u0300 l\u2019international. \\nAujourd\u2019hui VP Innovation Lab au Marketing Global du Groupe ACCOR, Laurence contribue \u00e0 cr\u00e9er de nouveaux concepts et \u00e0 acc\u00e9l\u00e9rer la transformation du Groupe. Elle est \u00e9galement Pr\u00e9sidente du Club des Annonceurs. \\nAuparavant, Laurence a \u00e9t\u00e9 \u00e0 la t\u00eate de diff\u00e9rentes directions marketing chez Iliad\/Free; dans le Groupe Partouche ; aux Galeries Lafayette.\\n&quot;}\" data-sheets-userformat=\"{&quot;2&quot;:5119,&quot;3&quot;:{&quot;1&quot;:0},&quot;4&quot;:{&quot;1&quot;:2,&quot;2&quot;:15724527},&quot;5&quot;:{&quot;1&quot;:[{&quot;1&quot;:2,&quot;2&quot;:0,&quot;5&quot;:{&quot;1&quot;:2,&quot;2&quot;:0}},{&quot;1&quot;:0,&quot;2&quot;:0,&quot;3&quot;:3},{&quot;1&quot;:1,&quot;2&quot;:0,&quot;4&quot;:1}]},&quot;6&quot;:{&quot;1&quot;:[{&quot;1&quot;:2,&quot;2&quot;:0,&quot;5&quot;:{&quot;1&quot;:2,&quot;2&quot;:0}},{&quot;1&quot;:0,&quot;2&quot;:0,&quot;3&quot;:3},{&quot;1&quot;:1,&quot;2&quot;:0,&quot;4&quot;:1}]},&quot;7&quot;:{&quot;1&quot;:[{&quot;1&quot;:2,&quot;2&quot;:0,&quot;5&quot;:{&quot;1&quot;:2,&quot;2&quot;:0}},{&quot;1&quot;:0,&quot;2&quot;:0,&quot;3&quot;:3},{&quot;1&quot;:1,&quot;2&quot;:0,&quot;4&quot;:1}]},&quot;8&quot;:{&quot;1&quot;:[{&quot;1&quot;:2,&quot;2&quot;:0,&quot;5&quot;:{&quot;1&quot;:2,&quot;2&quot;:0}},{&quot;1&quot;:0,&quot;2&quot;:0,&quot;3&quot;:3},{&quot;1&quot;:1,&quot;2&quot;:0,&quot;4&quot;:1}]},&quot;9&quot;:1,&quot;10&quot;:1,&quot;11&quot;:4,&quot;12&quot;:0,&quot;15&quot;:&quot;Arial&quot;}\">Ex publicitaire de groupes internationaux, puis dans la communication, l\u2019achat d\u2019espace et les strat\u00e9gies de marques au sein de grands annonceurs, Karine int\u00e8gre l\u2019interprofessionnel en 2018 au sein du Think do tank Le club des annonceurs. Elle dirige \u00e0 ce titre l\u2019association, la communication, l\u2019activit\u00e9 \u00e9v\u00e9nementielle d\u2019int\u00e9r\u00eats m\u00e9tiers, anime et accompagne la communaut\u00e9 d\u2019adh\u00e9rents de dirigeants de marques. Dipl\u00f4m\u00e9e de l\u2019ESSEC BUSINESS School en Management General, Karine int\u00e8gre en 2022 le cursus transFormation \u00ab changer de mod\u00e8le \u00e9conomique et civilisationnel \u00bb de Lumia &amp; Entrepreneurs d\u2019Avenir et rejoint la Commission du d\u00e9veloppement \u00e9conomique et innovation de la Ligue Nationale de Rubgy en qualit\u00e9 de contributrice. <\/span>[\/vc_column_text][\/vc_column_inner][vc_column_inner width=&#8221;1\/2&#8243;][vc_single_image image=&#8221;3438&#8243; img_size=&#8221;thumbnail&#8221; alignment=&#8221;center&#8221;][vc_column_text]<strong>G\u00e9rard LENEPVEU, Directeur g\u00e9n\u00e9ral en charge du marketing et de la communication \u2013 AFFINITY CONCEPT<\/strong><\/p>\n<p>G\u00e9rard Fr\u00e9d\u00e9ric Lenepveu est directeur g\u00e9n\u00e9ral en charge du marketing et de la communication chez Affinity Concept depuis 2021.<br \/>\nDipl\u00f4m\u00e9 de l&#8217;ESCP et d&#8217;un master en data strategy, il a travaill\u00e9 pour Orange \u00e0 des postes de responsable marketing et communication avant de rejoindre Solocal Group (ex PagesJaunes Group) sur les fonctions de Directeur de la marque et de la publicit\u00e9 du groupe.[\/vc_column_text][\/vc_column_inner][\/vc_row_inner][vc_row_inner][vc_column_inner width=&#8221;1\/2&#8243;][vc_single_image image=&#8221;3436&#8243; img_size=&#8221;thumbnail&#8221; alignment=&#8221;center&#8221;][vc_column_text]<strong>G\u00e9raud RABANY, Directeur de la communication CDG Express &#8211; Head of brands Groupe ADP<\/strong><\/p>\n<p>G\u00e9raud Rabany, est dipl\u00f4m\u00e9 de philosophie \u00e0 Paris 1 la Sorbonne et du Celsa. Il a exerc\u00e9 en agence de communication sur des sujets corporate, branding (W&amp;Cie), et publicitaires (Fred &amp; Farid Paris), mais aussi au sein du Groupe Transdev en tant que responsable des marques, pendant trois ans. En 2018, G\u00e9raud Rabany a rejoint le groupe ADP comme responsable du p\u00f4le Marques, en charge notamment du design, de la publicit\u00e9 et des partenariats. Le 1er Juin 2021, G\u00e9raud est nomm\u00e9 directeur de la communication du groupement d&#8217;infrastructure CDG Express, future liaison ferroviaire directe entre l&#8217;a\u00e9roport Paris-Charles de Gaulle et la gare de l&#8217;est.[\/vc_column_text][\/vc_column_inner][vc_column_inner width=&#8221;1\/2&#8243;][vc_single_image image=&#8221;3533&#8243; img_size=&#8221;thumbnail&#8221; alignment=&#8221;center&#8221;][vc_column_text]<strong>Quentin DELOBELLE, Directeur communication commerciale et cr\u00e9ation \u2013 ORANGE FRANCE<\/strong><\/p>\n<p>Avec une exp\u00e9rience de plus de 25 ans en communication et brand management,\u00a0Quentin\u00a0Delobelle est aujourd\u2019hui Directeur de la Communication Commerciale et de la Cr\u00e9ation d\u2019Orange France. Il est \u00e0 la t\u00eate de tous les leviers publicitaires et de la communication en points de vente, dirige toutes les cr\u00e9ations du premier op\u00e9rateur fran\u00e7ais et a notamment cr\u00e9\u00e9 la marque Sosh.[\/vc_column_text][\/vc_column_inner][\/vc_row_inner][vc_row_inner][vc_column_inner width=&#8221;1\/2&#8243;][vc_single_image image=&#8221;3436&#8243; img_size=&#8221;thumbnail&#8221; alignment=&#8221;center&#8221;][vc_column_text]<strong>Cyndie BETTANT, Impact &amp; Communication Leader \u2013 CISION<\/strong><\/p>\n<p>Cyndie Bettant est directrice Marketing depuis plus de 15 ans. Aujourd\u2019hui Impact &amp; Communication Leader chez Cision, Eclaireur de Marques, et r\u00e9dactrice en chef du blog Culture RP, Cyndie partage les meilleures pratiques de la communication pour en comprendre les enjeux et \u00e9volutions. Elle a toujours plac\u00e9 les nouvelles technologies et l\u2019humain comme leviers majeurs de performance.Elle pr\u00e9sentera les r\u00e9sultats du barometre sur l\u2019engagement des marques 2022 co-construit avec Emarketing, Le Club des Annonceurs et Cision.[\/vc_column_text][\/vc_column_inner][vc_column_inner width=&#8221;1\/2&#8243;][\/vc_column_inner][\/vc_row_inner][\/vc_tta_section][vc_tta_section title=&#8221;15h15 &#8211; 16H15&#8243; tab_id=&#8221;1645547920799-cccf0380-cb5f&#8221;][vc_column_text]<\/p>\n<h3 class=\"conference-title\" style=\"text-align: center\"><strong>Les communaut\u00e9s, l\u2019\u00e9v\u00e9nementiel : la r\u00e9invention<\/strong><\/h3>\n<p>[\/vc_column_text][vc_row_inner][vc_column_inner width=&#8221;1\/2&#8243;][vc_single_image image=&#8221;3441&#8243; img_size=&#8221;thumbnail&#8221; alignment=&#8221;center&#8221;][vc_column_text]<strong>Flore TYBERGHEIN, Directrice de la marque et de la strat\u00e9gie de contenu \u2013 MONOPRIX<\/strong><\/p>\n<p>Experte Brand Marketing, Flore accompagne depuis plusieurs ann\u00e9es de nombreuses marques sur leurs probl\u00e9matiques de strat\u00e9gie de marque et de croissance avec un prisme digital et data driven. Flore a travaill\u00e9 chez Google pendant 12 ans sur les probl\u00e9matiques marketing digital des plus grosses marques fran\u00e7aises avant de s\u2019installer dans la Silicon Valley et d\u2019\u00e9tendre son expertise en collaborant avec des marques internationales telles qu\u2019Amazon, eBay, Uber, Netflix, Nike, Diageo, Kellogg\u2019s etc. Avant de rejoindre Monoprix en Septembre dernier, Flore a \u00e9galement travaill\u00e9 chez Deezer pendant 4 ans en tant que Vice Pr\u00e9sidente, Global Brand, Media et Growth.[\/vc_column_text][\/vc_column_inner][vc_column_inner width=&#8221;1\/2&#8243;][vc_single_image image=&#8221;3443&#8243; img_size=&#8221;thumbnail&#8221; alignment=&#8221;center&#8221;][vc_column_text]<strong>Nathalie PERON LECORPS, Directrice d\u00e9l\u00e9gu\u00e9e Mer \u2013 BREST\u2019AIM,OCEANOPOLIS ACTS, FONDS DE DOTATION<\/strong><\/p>\n<p>Nathalie Peron-Lecorps, Directrice D\u00e9l\u00e9gu\u00e9e Mer Brest\u2019aim, pilote des \u00e9quipements maritimes de la m\u00e9tropole de Brest \u00e0 vocation culturelle, touristique et de loisir parmi lesquels Oc\u00e9anopolis &amp; 70.8 la Galerie de l\u2019Oc\u00e9an, Centre National de Culture Scientifique d\u00e9di\u00e9 \u00e0 l\u2019oc\u00e9an dont la raison d\u2019\u00eatre est de \u00ab Changer le regard sur l\u2019oc\u00e9an \u00bb. Elle est \u00e9galement Directrice d\u2019Oc\u00e9anopolis Acts, Fonds de dotation pr\u00e9sid\u00e9 par Jean-Louis Etienne dont la mission est de \u00ab Comprendre pour mieux agir&#8221;.[\/vc_column_text][\/vc_column_inner][\/vc_row_inner][vc_row_inner][vc_column_inner width=&#8221;1\/2&#8243;][vc_single_image image=&#8221;3442&#8243; img_size=&#8221;thumbnail&#8221; alignment=&#8221;center&#8221;][vc_column_text]<strong>Edouard MARGAIN, Directeur des Op\u00e9rations \u2013 LAVINIA<\/strong><\/p>\n<p>Edouard Margain a attrap\u00e9 le virus du num\u00e9rique il y a 12 ans. Chez Fittingbox, \u00e9diteur de solutions de r\u00e9alit\u00e9 augment\u00e9, avant de diriger la place de march\u00e9 EnjoySunglasses.com, revendue en 2011 \u00e0 Sensee, le groupe d&#8217;optique en ligne cr\u00e9\u00e9 par Marc Simoncini. Chez Sensee, en charge du e-Commerce et des op\u00e9rations Marketing du leader de l&#8217;optique en ligne. Depuis 2015, il a pris successivement la Direction Digitale puis la Direction du D\u00e9veloppement, du Marketing strat\u00e9gique de LAVINIA, de la direction des op\u00e9rations avec un triple objectif : d\u00e9velopper la notori\u00e9t\u00e9 de l\u2019enseigne, soutenir la croissance des activit\u00e9s multiples de LAVINIA (\u00e9v\u00e8nementiel, restauration, retail et ecommerce) et accompagner la transformation du groupe.[\/vc_column_text][\/vc_column_inner][vc_column_inner width=&#8221;1\/2&#8243;][vc_single_image image=&#8221;3534&#8243; img_size=&#8221;thumbnail&#8221; alignment=&#8221;center&#8221;][vc_column_text]<strong>Estelle NEZOT-TORRES, Directrice de la strat\u00e9gie et des partenariats \u2013 DEEZER<\/strong><\/p>\n<p>Dipl\u00f4m\u00e9e de NEOMA Business School et de l\u2019Universit\u00e9 de Northeastern \u00e0 Boston en International Business, Estelle Nezot a une exp\u00e9rience de 20 ans en business, marketing et communication sur des march\u00e9s d\u2019innovation en hyper croissance, au sein de start up et de grands groupes. Apr\u00e8s 10 ann\u00e9es de conseil en agences de communication, principalement au sein de McCann Worldgroup, elle poursuit sa carri\u00e8re en trade &amp; channel marketing dans la t\u00e9l\u00e9phonie mobile (Motorola, Sony) en France et \u00e0 Londres. Chez Deezer depuis 5 ans, elle dirige la strat\u00e9gie de distribution B2B2C des offres Deezer sur le march\u00e9 fran\u00e7ais gr\u00e2ce \u00e0 des partenariats strat\u00e9giques nou\u00e9s avec les Telcos et les leaders du retail.[\/vc_column_text][\/vc_column_inner][\/vc_row_inner][\/vc_tta_section][\/vc_tta_tour][\/vc_column][\/vc_row][\/vc_section][vc_row][vc_column]<div class=\"wyvc-button-wrapper wyvc-btn-center\">\r\n\t<a class=\"wyvc-button wyvc-shortcode \" href=\"https:\/\/visitor.weyou-group.com\/emarketing\/2022\/inscription\/si\" target=\"_blank\">\r\n\t\t<span class=\"wyvc-btn-text\">S&#039;inscrire aux conf\u00e9rences<\/span>\r\n\t<\/a>\r\n<\/div>[\/vc_column][\/vc_row]<\/p>\n<\/div>","protected":false},"excerpt":{"rendered":"<p>[vc_row][vc_column][\/vc_column][\/vc_row][vc_section el_id=&#8221;31mars&#8221;][vc_row][vc_column][\/vc_column][\/vc_row][vc_row][vc_column][vc_tta_tour][vc_tta_section title=&#8221;10H45-11H45&#8243; tab_id=&#8221;1645547076739-529f4579-94ca&#8221;][vc_column_text] Metavers, NFT, VR, \u00e9conomie circulaire\u2026 incontournables en 2022 [\/vc_column_text][vc_row_inner][vc_column_inner width=&#8221;1\/2&#8243;][vc_single_image image=&#8221;3590&#8243; img_size=&#8221;thumbnail&#8221; alignment=&#8221;center&#8221;][vc_column_text]Hubert BLANQUEFORT D&#8217;ANGLARDS \u2013 Directeur electric days et administrateur club des annonceurs, EDF ET LE CLUB DES ANNONCEURS\u00a0 Hubert Blanquefort pilote les Electric Days #4, \u00e9v\u00e8nement visant \u00e0 promouvoir l\u2019innovation du groupe, au service de la lutte contre le [&hellip;]<\/p>\n","protected":false},"author":9,"featured_media":0,"parent":0,"menu_order":0,"comment_status":"closed","ping_status":"closed","template":"","meta":{"footnotes":""},"class_list":["post-959","page","type-page","status-publish","hentry"],"yoast_head":"<!-- This site is optimized with the Yoast SEO plugin v26.9 - https:\/\/yoast.com\/product\/yoast-seo-wordpress\/ -->\n<title>Speakers | All4Customer Paris<\/title>\n<meta name=\"robots\" content=\"index, follow, max-snippet:-1, max-image-preview:large, max-video-preview:-1\" \/>\n<link rel=\"canonical\" href=\"https:\/\/www.all4customer-paris.com\/en\/speakers\" \/>\n<meta property=\"og:locale\" content=\"en_US\" \/>\n<meta property=\"og:type\" content=\"article\" \/>\n<meta property=\"og:title\" content=\"Speakers | All4Customer Paris\" \/>\n<meta property=\"og:description\" content=\"[vc_row][vc_column][\/vc_column][\/vc_row][vc_section el_id=&#8221;31mars&#8221;][vc_row][vc_column][\/vc_column][\/vc_row][vc_row][vc_column][vc_tta_tour][vc_tta_section title=&#8221;10H45-11H45&#8243; tab_id=&#8221;1645547076739-529f4579-94ca&#8221;][vc_column_text] Metavers, NFT, VR, \u00e9conomie circulaire\u2026 incontournables en 2022 [\/vc_column_text][vc_row_inner][vc_column_inner width=&#8221;1\/2&#8243;][vc_single_image image=&#8221;3590&#8243; img_size=&#8221;thumbnail&#8221; alignment=&#8221;center&#8221;][vc_column_text]Hubert BLANQUEFORT D&#8217;ANGLARDS \u2013 Directeur electric days et administrateur club des annonceurs, EDF ET LE CLUB DES ANNONCEURS\u00a0 Hubert Blanquefort pilote les Electric Days #4, \u00e9v\u00e8nement visant \u00e0 promouvoir l\u2019innovation du groupe, au service de la lutte contre le [&hellip;]\" \/>\n<meta property=\"og:url\" content=\"https:\/\/www.all4customer-paris.com\/en\/speakers\" \/>\n<meta property=\"og:site_name\" content=\"All4Customer Paris\" \/>\n<meta property=\"article:modified_time\" content=\"2022-03-17T18:45:16+00:00\" \/>\n<meta name=\"twitter:card\" content=\"summary_large_image\" \/>\n<meta name=\"twitter:label1\" content=\"Est. reading time\" \/>\n\t<meta name=\"twitter:data1\" content=\"15 minutes\" \/>\n<script type=\"application\/ld+json\" class=\"yoast-schema-graph\">{\"@context\":\"https:\/\/schema.org\",\"@graph\":[{\"@type\":\"WebPage\",\"@id\":\"https:\/\/www.all4customer-paris.com\/en\/speakers\",\"url\":\"https:\/\/www.all4customer-paris.com\/en\/speakers\",\"name\":\"Speakers | All4Customer Paris\",\"isPartOf\":{\"@id\":\"https:\/\/www.all4customer-paris.com\/en\/#website\"},\"datePublished\":\"2020-01-14T12:48:26+00:00\",\"dateModified\":\"2022-03-17T18:45:16+00:00\",\"breadcrumb\":{\"@id\":\"https:\/\/www.all4customer-paris.com\/en\/speakers#breadcrumb\"},\"inLanguage\":\"en-US\",\"potentialAction\":[{\"@type\":\"ReadAction\",\"target\":[\"https:\/\/www.all4customer-paris.com\/en\/speakers\"]}]},{\"@type\":\"BreadcrumbList\",\"@id\":\"https:\/\/www.all4customer-paris.com\/en\/speakers#breadcrumb\",\"itemListElement\":[{\"@type\":\"ListItem\",\"position\":1,\"name\":\"Home\",\"item\":\"https:\/\/salons.weyou-cms.com\/all4customer\/en\"},{\"@type\":\"ListItem\",\"position\":2,\"name\":\"Speakers\"}]},{\"@type\":\"WebSite\",\"@id\":\"https:\/\/www.all4customer-paris.com\/en\/#website\",\"url\":\"https:\/\/www.all4customer-paris.com\/en\/\",\"name\":\"All4Customer Paris\",\"description\":\"\",\"publisher\":{\"@id\":\"https:\/\/www.all4customer-paris.com\/en\/#organization\"},\"potentialAction\":[{\"@type\":\"SearchAction\",\"target\":{\"@type\":\"EntryPoint\",\"urlTemplate\":\"https:\/\/www.all4customer-paris.com\/en\/?s={search_term_string}\"},\"query-input\":{\"@type\":\"PropertyValueSpecification\",\"valueRequired\":true,\"valueName\":\"search_term_string\"}}],\"inLanguage\":\"en-US\"},{\"@type\":\"Organization\",\"@id\":\"https:\/\/www.all4customer-paris.com\/en\/#organization\",\"name\":\"All 4 Customer Paris\",\"url\":\"https:\/\/www.all4customer-paris.com\/en\/\",\"logo\":{\"@type\":\"ImageObject\",\"inLanguage\":\"en-US\",\"@id\":\"https:\/\/www.all4customer-paris.com\/en\/#\/schema\/logo\/image\/\",\"url\":\"https:\/\/weyoumedia.blob.core.windows.net\/all4customer\/sites\/26\/2024\/04\/cropped-All4CustomerParis-2024_couleur.png\",\"contentUrl\":\"https:\/\/weyoumedia.blob.core.windows.net\/all4customer\/sites\/26\/2024\/04\/cropped-All4CustomerParis-2024_couleur.png\",\"width\":225,\"height\":175,\"caption\":\"All 4 Customer Paris\"},\"image\":{\"@id\":\"https:\/\/www.all4customer-paris.com\/en\/#\/schema\/logo\/image\/\"}}]}<\/script>\n<!-- \/ Yoast SEO plugin. -->","yoast_head_json":{"title":"Speakers | All4Customer Paris","robots":{"index":"index","follow":"follow","max-snippet":"max-snippet:-1","max-image-preview":"max-image-preview:large","max-video-preview":"max-video-preview:-1"},"canonical":"https:\/\/www.all4customer-paris.com\/en\/speakers","og_locale":"en_US","og_type":"article","og_title":"Speakers | All4Customer Paris","og_description":"[vc_row][vc_column][\/vc_column][\/vc_row][vc_section el_id=&#8221;31mars&#8221;][vc_row][vc_column][\/vc_column][\/vc_row][vc_row][vc_column][vc_tta_tour][vc_tta_section title=&#8221;10H45-11H45&#8243; tab_id=&#8221;1645547076739-529f4579-94ca&#8221;][vc_column_text] Metavers, NFT, VR, \u00e9conomie circulaire\u2026 incontournables en 2022 [\/vc_column_text][vc_row_inner][vc_column_inner width=&#8221;1\/2&#8243;][vc_single_image image=&#8221;3590&#8243; img_size=&#8221;thumbnail&#8221; alignment=&#8221;center&#8221;][vc_column_text]Hubert BLANQUEFORT D&#8217;ANGLARDS \u2013 Directeur electric days et administrateur club des annonceurs, EDF ET LE CLUB DES ANNONCEURS\u00a0 Hubert Blanquefort pilote les Electric Days #4, \u00e9v\u00e8nement visant \u00e0 promouvoir l\u2019innovation du groupe, au service de la lutte contre le [&hellip;]","og_url":"https:\/\/www.all4customer-paris.com\/en\/speakers","og_site_name":"All4Customer Paris","article_modified_time":"2022-03-17T18:45:16+00:00","twitter_card":"summary_large_image","twitter_misc":{"Est. reading time":"15 minutes"},"schema":{"@context":"https:\/\/schema.org","@graph":[{"@type":"WebPage","@id":"https:\/\/www.all4customer-paris.com\/en\/speakers","url":"https:\/\/www.all4customer-paris.com\/en\/speakers","name":"Speakers | All4Customer Paris","isPartOf":{"@id":"https:\/\/www.all4customer-paris.com\/en\/#website"},"datePublished":"2020-01-14T12:48:26+00:00","dateModified":"2022-03-17T18:45:16+00:00","breadcrumb":{"@id":"https:\/\/www.all4customer-paris.com\/en\/speakers#breadcrumb"},"inLanguage":"en-US","potentialAction":[{"@type":"ReadAction","target":["https:\/\/www.all4customer-paris.com\/en\/speakers"]}]},{"@type":"BreadcrumbList","@id":"https:\/\/www.all4customer-paris.com\/en\/speakers#breadcrumb","itemListElement":[{"@type":"ListItem","position":1,"name":"Home","item":"https:\/\/salons.weyou-cms.com\/all4customer\/en"},{"@type":"ListItem","position":2,"name":"Speakers"}]},{"@type":"WebSite","@id":"https:\/\/www.all4customer-paris.com\/en\/#website","url":"https:\/\/www.all4customer-paris.com\/en\/","name":"All4Customer Paris","description":"","publisher":{"@id":"https:\/\/www.all4customer-paris.com\/en\/#organization"},"potentialAction":[{"@type":"SearchAction","target":{"@type":"EntryPoint","urlTemplate":"https:\/\/www.all4customer-paris.com\/en\/?s={search_term_string}"},"query-input":{"@type":"PropertyValueSpecification","valueRequired":true,"valueName":"search_term_string"}}],"inLanguage":"en-US"},{"@type":"Organization","@id":"https:\/\/www.all4customer-paris.com\/en\/#organization","name":"All 4 Customer Paris","url":"https:\/\/www.all4customer-paris.com\/en\/","logo":{"@type":"ImageObject","inLanguage":"en-US","@id":"https:\/\/www.all4customer-paris.com\/en\/#\/schema\/logo\/image\/","url":"https:\/\/weyoumedia.blob.core.windows.net\/all4customer\/sites\/26\/2024\/04\/cropped-All4CustomerParis-2024_couleur.png","contentUrl":"https:\/\/weyoumedia.blob.core.windows.net\/all4customer\/sites\/26\/2024\/04\/cropped-All4CustomerParis-2024_couleur.png","width":225,"height":175,"caption":"All 4 Customer Paris"},"image":{"@id":"https:\/\/www.all4customer-paris.com\/en\/#\/schema\/logo\/image\/"}}]}},"_links":{"self":[{"href":"https:\/\/www.all4customer-paris.com\/en\/wp-json\/wp\/v2\/pages\/959","targetHints":{"allow":["GET"]}}],"collection":[{"href":"https:\/\/www.all4customer-paris.com\/en\/wp-json\/wp\/v2\/pages"}],"about":[{"href":"https:\/\/www.all4customer-paris.com\/en\/wp-json\/wp\/v2\/types\/page"}],"author":[{"embeddable":true,"href":"https:\/\/www.all4customer-paris.com\/en\/wp-json\/wp\/v2\/users\/9"}],"replies":[{"embeddable":true,"href":"https:\/\/www.all4customer-paris.com\/en\/wp-json\/wp\/v2\/comments?post=959"}],"version-history":[{"count":0,"href":"https:\/\/www.all4customer-paris.com\/en\/wp-json\/wp\/v2\/pages\/959\/revisions"}],"wp:attachment":[{"href":"https:\/\/www.all4customer-paris.com\/en\/wp-json\/wp\/v2\/media?parent=959"}],"curies":[{"name":"wp","href":"https:\/\/api.w.org\/{rel}","templated":true}]}}